{"id":1314,"date":"2016-01-31T22:54:46","date_gmt":"2016-02-01T06:54:46","guid":{"rendered":"http:\/\/roots.nwcdc.coop\/es\/?page_id=1314"},"modified":"2016-01-31T22:56:35","modified_gmt":"2016-02-01T06:56:35","slug":"nuestros-increibles-oradores","status":"publish","type":"page","link":"http:\/\/roots.nwcdc.coop\/es\/nuestros-increibles-oradores\/","title":{"rendered":"Nuestros Incre\u00edbles Oradores"},"content":{"rendered":"<p>Este a\u00f1o somos afortunados de tener una gran variedad de ponentes y responsables de talleres de una multitud de sectores cooperativos. Nuestro objetivo es que salga de esta Conferencia con las herramientas y conocimientos necesarios para iniciar, fortalecer o ampliar su cooperativa. Tambi\u00e9n queremos que salga de la conferencia m\u00e1s inspirados y comprometidos con la comunidad cooperativa regional y nacional. \u00a1Nuestros oradores se asegurar\u00e1n de que esto suceda!<\/p>\n<p><span style=\"color: #008000;\"><strong>Mieka Briejer \u2013\u00a0<em>Contando la Historia Financiera<\/em><\/strong><\/span><\/p>\n<p>Mieka es una pieza integral del equipo del\u00a0<strong><span style=\"color: #ff9900;\"><a style=\"color: #ff9900;\" href=\"http:\/\/pinchot.edu\/community\/center-for-inclusive-entrepreneurship\/\">Centro para Iniciativa Empresarial Inclusiva<\/a><\/span><\/strong>. Ella se enfoca particularmente en desarrollo de programaci\u00f3n y dise\u00f1o para muchas de las clases de iniciativa empresarial y comercializaci\u00f3n de materiales que ofrece el CIE. Mieka es profundamente apasionado por el poder y la oportunidad que las cooperativas tienen en el negocio sostenible del futuro de nuestro mundo. En apoyo de su pasi\u00f3n, Mieka es Licenciada en Administraci\u00f3n de Empresas de la\u00a0<strong><span style=\"color: #ff9900;\"><a style=\"color: #ff9900;\" href=\"http:\/\/www.washington.edu\/\">Universidad de Washington<\/a><\/span><\/strong> y una rica historia profesional de experiencia en divulgaci\u00f3n y participaci\u00f3n de la comunidad.<\/p>\n<p><span style=\"color: #008000;\"><strong>Aaron Blythe \u2013\u00a0Cooperativas <em>Agr\u00edcolas: M\u00e1s all\u00e1 de la Granja<\/em><\/strong><\/span><\/p>\n<p>Aaron ha participado en la agricultura sostenible por m\u00e1s de 12 a\u00f1os. Originalmente es de Minnesota, \u00e9l ha cultivado alimentos en granjas org\u00e1nicas en California, Oregon, Wisconsin y Minnesota. Del 2003 al 2004 estudi\u00f3 y trabaj\u00f3 en el centro de agroecolog\u00eda y sistemas alimentarios sostenibles de la Universidad de California en Santa Cruz. Durante 6 a\u00f1os fue el Gerente de la Asociaci\u00f3n de alimentos de Minnesota manejando un CSA de 200 miembros y ayudando a formar un grupo diverso de agricultores inmigrantes en producci\u00f3n agr\u00edcola org\u00e1nica. \u00a0Actualmente Aaron es un codirector en la\u00a0<span style=\"color: #ff9900;\"><strong><a style=\"color: #ff9900;\" href=\"https:\/\/sharedgroundcoop.com\/\">Cooperativa Tierra Compartid<\/a>a<\/strong><\/span>. Tierra Compartida es una Cooperativa de comercializaci\u00f3n conformada por tres granjas propiedad de latinos y dos granjas que son propiedad de Anglos.<\/p>\n<p><span style=\"color: #008000;\"><strong>Rodrigo Cala \u2013\u00a0<em>Cooperativas Agr\u00edcolas: M\u00e1s all\u00e1 de la Granja<\/em><\/strong><\/span><\/p>\n<p>Rodrigo Cala y su hermano son due\u00f1os y han operado una granja org\u00e1nica en Turtle Lake, Wisconsin. Tienen la reputaci\u00f3n de cultivar el mejor br\u00f3coli org\u00e1nico en la regi\u00f3n. Rodrigo fue uno de los miembros fundadores de la Cooperativa Tierra Compartida\u00a0 que distribuye productos de las granjas miembros en Minnesota y Wisconsin a restaurantes, tiendas de abarrotes y un CSA. La familia de Rodrigo operaba un sitio de ventas en la Central de Abastos en la Ciudad de M\u00e9xico y ten\u00edan cultivos en el estado de M\u00e9xico. Rodrigo asisti\u00f3 a la Universidad Nacional de M\u00e9xico UNAM en la ciudad de M\u00e9xico. Ha vivido en los Estados Unidos durante los \u00faltimos doce a\u00f1os. Rodrigo es un miembro clave del equipo de capacitaci\u00f3n agr\u00edcola del Centro de Desarrollo Econ\u00f3mico Latino.<\/p>\n<p><span style=\"color: #008000;\"><strong>Matt Fast \u2013\u00a0<em>Co-Creando una Marca<\/em><\/strong><\/span><\/p>\n<p>Matt tiene un MBA en Negocios Sustentables de la <span style=\"color: #ff9900;\"><a style=\"color: #ff9900;\" href=\"http:\/\/www.pinchot.edu\/\">Universidad Pinchot<\/a><\/span>\u00a0(antes Instituto Graduado de Bainbridge). Se incorpor\u00f3 a NWCDC en el oto\u00f1o del 2014 y trabaja principalmente con el Proyecto Comunitario de Due\u00f1os Residentes (<span style=\"color: #ff9900;\"><a style=\"color: #ff9900;\" href=\"http:\/\/www.rocnorthwest.com\/\">ROCNoroeste<\/a><\/span>).<\/p>\n<p><span style=\"color: #008000;\"><strong>Kendall Fisher \u2013\u00a0<em>Principles of Accounting and Law for Cooperatives<\/em><\/strong><\/span><\/p>\n<p>Kendall Fisher, es un abogado del grupo\u00a0<span style=\"color: #ff9900;\"><a style=\"color: #ff9900;\" href=\"https:\/\/www.dorsey.com\/services\/tax_trusts_estates\">Dorsey\u2019s Tax, Trusts &amp; Estates<\/a><\/span>\u00a0abogados de impuestos, fideicomisos y patrimonios, tiene experiencia en el asesoramiento a las cooperativas en su calificaci\u00f3n bajo el Subcap\u00edtulo T del c\u00f3digo de rentas internas, planes de manejo equitativo de capital y planes de gobierno corporativo. Tambi\u00e9n ha co desarrollado un plan de estudios dirigido a educar a cooperativas nuevas de trabajadores propietarios acerca de las cuestiones m\u00e1s importantes de impuestos a considerar al organizar y operar sus organizaciones cooperativas. Por \u00faltimo, Kendall ha ayudado en la representaci\u00f3n de cooperativas ante el IRS, incluyendo obtener carta resoluciones y conflictos de cumplimiento en general.<\/p>\n<p><span style=\"color: #008000;\"><strong>Jade Flores \u2013<\/strong><strong>\u00a0<\/strong><strong>Sesi\u00f3n Colaborativa sobre Cooperaci\u00f3n entre Cooperativas<\/strong><\/span><\/p>\n<p>Jade\u00a0trabaja\u00a0para\u00a0la\u00a0Cooperativa\u00a0de\u00a0Alimentos\u00a0de la\u00a0Comunidad\u00a0en Bellingham, WA\u00a0Como parte del personal y es parte de la Junta\u00a0Directiva.\u00a0Ella tambi\u00e9n es estudiante en\u00a0Universidad Western Washington donde obtuvo su\u00a0licenciatura\u00a0en Sistemas de\u00a0Alimentos con\u00a0un\u00a0grado menor en Emprendimiento e\u00a0Innovaci\u00f3n\u00a0del Instituto IDEA\u00a0Western. Jade tambi\u00e9n\u00a0es miembro de Cohousing de Bellingham,\u00a0una\u00a0pr\u00f3spera asociaci\u00f3n de condominio con\u00a033 familias que est\u00e1 administrada\u00a0por\u00a0consenso. Su\u00a0pasi\u00f3n es hacer crecer\u00a0el\u00a0sistema\u00a0alimentario\u00a0local\u00a0y mejorar el desarrollo econ\u00f3mico a\u00a0trav\u00e9s de la nueva econom\u00eda.<\/p>\n<p><span style=\"color: #008000;\"><strong>John Flory \u2013\u00a0<em>Cooperativa Mercados P\u00fablicos; Lo m\u00e1s Destacado de las Cooperativas de Minnesota<\/em><\/strong><\/span><\/p>\n<p>John es el Director de Proyectos Especiales para el <a href=\"http:\/\/www.ledc-mn.org\/\">\u00a0<span style=\"color: #ff9900;\">Centro de Desarrollo Econ\u00f3mico Latino<\/span>\u00a0<\/a> en Minnesota.\u00a0John tiene m\u00e1s de veinte a\u00f1os de experiencia en microcr\u00e9dito; en el desarrollo y apoyo de peque\u00f1os negocios y ha jugado un papel principal en el desarrollo de dos incubadoras de negocios, incluyendo el Mercado Central.<\/p>\n<p>Juan recibi\u00f3 a una licenciatura en historia de Universidad de Manchester, Indiana en 1969 y una maestr\u00eda en administraci\u00f3n de empresas de la Universidad de St. Thomas en 1988. John administro tiendas cooperativas de abarrotes durante siete a\u00f1os antes de venir a trabajar a tiempo completo en el LEDC. John tambi\u00e9n es propietario de <span style=\"color: #ff9900;\"><a style=\"color: #ff9900;\" href=\"http:\/\/tradeasone.com\/producers\/north_country_fair_trade\/\">North Country Fair Trade<\/a><\/span>, un Negocio Comercial Internacional que conecta a trabajadores de Latino am\u00e9rica con consumidores de Norte Am\u00e9rica.<\/p>\n<p><span style=\"color: #008000;\"><strong>Joe Garrison \u2013\u00a0<em>Sociocracia<\/em><\/strong><\/span><\/p>\n<p>Nacido en una familia de productores de trigo y algod\u00f3n en una cooperativa en la franja m\u00e1s angosta del Estado de Texas, Joe Garrison ha vivido en una vivienda de la cooperativa y ha trabajado en una cooperativa de alimentos. Hace diez a\u00f1os, ayud\u00f3 a fundar el <strong>Blue Scorcher Bakery Cafe<\/strong> en Astoria, Oregon. Algunos de los mejores consejos que tiene hasta ahora es &#8220;! Arregla tu propio horno maldito!&#8221;<\/p>\n<p><span style=\"color: #008000;\"><strong>Diane Gasaway \u2013\u00a0<em>Las Muchas Caras del Manejo Empresarial<\/em><\/strong><\/span><\/p>\n<p>Diane se incorpor\u00f3 al\u00a0<a href=\"http:\/\/nwcdc.coop\/\"><strong><span style=\"color: #ff9900;\">Northwest Cooperative Development Center<\/span><\/strong>\u00a0<\/a>en el 2003 y junto con la mesa directiva del NWCDC ha sido la responsable de construir el Centro en lo que es hoy. Su especialidad es en la planificaci\u00f3n estrat\u00e9gica, educaci\u00f3n cooperativa, desarrollo cooperativo, administraci\u00f3n de becas y manejo del presupuesto para una multitud de proyectos. Diane tiene 13 a\u00f1os de experiencia en la industria de servicios financieros. Recibi\u00f3 una Maestr\u00eda en Administraci\u00f3n Publica (con \u00e9nfasis en Cooperativas) del <span style=\"color: #008000;\"><strong>Evergreen State College<\/strong><\/span>.<\/p>\n<p><span style=\"color: #008000;\"><strong>Molly Gibbs \u2013\u00a0<em>Participaci\u00f3n de los miembros<\/em><\/strong><\/span><\/p>\n<p>Estoy comprometa a\u00a0desarrollar\u00a0relaciones\u00a0con compa\u00f1eros,\u00a0l\u00edderes, personal y con miembros de la\u00a0familia. El establecimiento\u00a0de\u00a0las relaciones\u00a0es\u00a0fundamental para mi trabajo, dentro\u00a0de las organizaciones\u00a0y\u00a0para\u00a0promover el\u00a0bienestar de los individuos. Preg\u00fantenme sobre\u00a0el arte de\u00a0la investigaci\u00f3n, para\u00a0mejorar\u00a0la comprensi\u00f3n\u00a0y\u00a0evitar suposiciones incorrectas. Ofrezco\u00a0formaci\u00f3n\u00a0de alta\u00a0calidad en comunicaciones\u00a0en vivo\u00a0 y en l\u00ednea.\u00a0Estas\u00a0sesiones son\u00a0\u00fanicas y empoderan. <span style=\"color: #ff9900;\"><a style=\"color: #ff9900;\" href=\"http:\/\/www.mollygibbsandassociates.com\/\"><strong>Molly Gibbs y Asociados<\/strong><\/a><\/span>\u00a0han capacitado a 2,000\u00a0profesionales del \u00e1mbito de la salud del Hospital de\u00a0Northgate, del Centro Medico MultiCare\u00a0y\u00a0de la Regi\u00f3n\u00a0Suroeste de Group Health.<\/p>\n<p><span style=\"color: #008000;\"><strong>Javier Gonz\u00e1lez \u2013\u00a0<em>Cooperativas Agr\u00edcolas: M\u00e1s all\u00e1 de la Granja<\/em><\/strong><\/span><\/p>\n<p>Javier\u00a0es\u00a0miembro\u00a0fundador\u00a0de\u00a0la\u00a0<span style=\"color: #ff9900;\"><a style=\"color: #ff9900;\" href=\"https:\/\/sharedgroundcoop.com\/farm\/agua\"><strong>Cooperativa Agua Gorda<\/strong><\/a><\/span> que comenz\u00f3\u00a0a\u00a0operar en el 2012 como\u00a0una\u00a0granja\u00a0de\u00a0hortalizas\u00a0a\u00a0peque\u00f1a escala\u00a0en\u00a0una\u00a0parcela urbana.\u00a0Los miembros de la\u00a0cooperativa ampliaron\u00a0su\u00a0producci\u00f3n\u00a0y las\u00a0ventas cada\u00a0a\u00f1o hasta que fueron capaces\u00a0de\u00a0comprar\u00a0una\u00a0finca\u00a0de\u00a054\u00a0hect\u00e1reas\u00a0en\u00a0Long\u00a0Prairie, Minnesota, un pueblo de\u00a03.000\u00a0habitantes.<\/p>\n<p>Javier\u00a0ha\u00a0trabajado\u00a0en\u00a0una\u00a0granja\u00a0lechera\u00a0en\u00a0Long\u00a0Prairie\u00a0durante\u00a0ocho a\u00f1os,\u00a0donde \u00e9l y su\u00a0esposa\u00a0son propietarios\u00a0de\u00a0su\u00a0propia casa.\u00a0La\u00a0granja\u00a0ha sido\u00a0m\u00e1s\u00a0exitosa comercializaci\u00f3n de\u00a0los\u00a0cultivos\u00a0de\u00a0especialidad Latino\u00a0que\u00a0producen, especialmente tomatillos y\u00a0chiles\u00a0serranos.\u00a0El\u00a0a\u00f1o pasado\u00a0la\u00a0cooperativa\u00a0le vendi\u00f3\u00a040,000\u00a0libras de tomatillos a\u00a0un\u00a0productor de\u00a0tamales\u00a0en\u00a0las\u00a0ciudades gemelas\u00a0quienes\u00a0procesan la salsa verde que el negocio\u00a0utiliza\u00a0durante el\u00a0a\u00f1o\u00a0con tomatillos cultivados\u00a0por\u00a0la cooperativa Agua Gorda.\u00a0Todos\u00a0los\u00a0miembros\u00a0de\u00a0la\u00a0cooperativa\u00a0Agua\u00a0Gorda\u00a0se mudaron a Long Prairie del peque\u00f1o\u00a0pueblo de\u00a0Agua Gorda,\u00a0Michoac\u00e1n\u00a0en\u00a0M\u00e9xico.<\/p>\n<p><span style=\"color: #008000;\"><strong>Pakou Hang \u2013<\/strong><strong>\u00a0<\/strong><strong><em>Cooperativas Agr\u00edcolas: M\u00e1s all\u00e1 de la Granja<\/em><\/strong><\/span><\/p>\n<p>Pakou Hang es Co-fundadora y Directora Ejecutivo de la <span style=\"color: #ff9900;\"><a style=\"color: #ff9900;\" href=\"http:\/\/www.hmongfarmers.com\/\"><strong>Asociaci\u00f3n Hmong American Farmers<\/strong><\/a><\/span>. La infancia de Pakou transcurri\u00f3 recogiendo pepinos para encurtidos en Gedney Pickles y cultivando y vendiendo hortalizas en los mercados para agricultores locales. Ella tiene m\u00e1s de 20 a\u00f1os de experiencia en la producci\u00f3n Agr\u00edcola y de hortalizas y es una ex-miembro de la Mesa Directiva del Mercado para Agricultores de St. Paul, as\u00ed como tambi\u00e9n participante en el Proyecto de La Casa Blanca del Plato a la Pol\u00edtica de la cumbre en el 2011 en Wisconsin.<\/p>\n<p>En el 2001, la familia de\u00a0 Pakou fue presentada en el libro, Renovando el Campo de Minnesota, y ella se ha unido con Renovando el Campo de Minnesota para conectar a los agricultores Hmong con Chefs de los Twin Cities comprometidos a la compra de hortalizas locales. Pakou tambi\u00e9n trabaj\u00f3 con el Instituto de Alimentos Saludables Vidas Saludables en la Universidad de Minnesota para analizar las plantas medicinales tradicionales de los Hmong y desarrollar un plan de estudios para ense\u00f1ar estudiantes Hmong americanos de primaria sobre las tradiciones de los Hmong en salud y sanaci\u00f3n. En el 2010, Pakou trabaj\u00f3 para el<a href=\"http:\/\/www.ledc-mn.org\/\"><strong>\u00a0<span style=\"color: #ff9900;\">Centro de Desarrollo Econ\u00f3mico Latino<\/span><\/strong>\u00a0<\/a>para dirigir un estudio de viabilidad sobre los desaf\u00edos y oportunidades que enfrentan los agricultores inmigrantes en Minnesota.<\/p>\n<p>Pakou ha trabajado por m\u00e1s de 12 a\u00f1os como organizador comunitario y se gradu\u00f3 de la Universidad de Minnesota en 2008 con una maestr\u00eda en Ciencias Pol\u00edticas y de la Universidad Yale en 1999 con una licenciatura en Ciencias Pol\u00edticas. Ella ha recibido el prestigioso Premio Hubert H. Humphrey en Liderazgo P\u00fablico y la Beca Paul y Daisy Soros para nuevos americanos y la Recientemente Inaugurada Beca de liderazgo Bush que fue el impulso para la formaci\u00f3n de HAFA.<\/p>\n<p><span style=\"color: #008000;\"><strong>Anna Isaacs\u00a0<em>\u2013 Cooperativas como un veh\u00edculo para la Justicia Social; Movimiento cooperativo y el proyecto visi\u00f3n<\/em><\/strong><\/span><\/p>\n<p>Anna ha trabajado con <a href=\"http:\/\/www.cofed.coop\/\"><span style=\"color: #ff9900;\">CoFED<\/span>\u00a0<\/a> desde enero de 2012. Ella vino a este trabajo, trabajando primero en CECOSESOLA, una asociaci\u00f3n de 80 cooperativas que sirve aproximadamente 55,000 familias semanalmente en Barquisimeto, Venezuela. Ella fue un miembro-trabajador del Caf\u00e9: The Flaming Eggplant en Olympia, Washington. Tambi\u00e9n ha trabajado en el Centro de Desarrollo Cooperativo del Noroeste\u00a0 haciendo negocios y viabilidad financiera para una cooperativa de transformaci\u00f3n de alimentos locales. A trav\u00e9s de este trabajo, Anna espera crear energ\u00eda que permita a las comunidades a tener representaci\u00f3n para tomar algunas de las decisiones econ\u00f3micas y pol\u00edticas m\u00e1s importantes por s\u00ed mismos.<\/p>\n<p><span style=\"color: #008000;\"><strong>Jerry Koch-Gonz\u00e1lez \u2013\u00a0<em>Sociocracia: Gobierno para la nueva econom\u00eda<\/em><\/strong><\/span><\/p>\n<p>Jerry ayuda a las empresas y las organizaciones implementar sociocracia en apoyo de sus objetivos estrat\u00e9gicos y a crear organizaciones adaptables y eficaces donde importan las voces de todos los miembros.<\/p>\n<p>Es un consultor y entrenador certificado en Gobernaci\u00f3n Din\u00e1mica\/sociocracia y comunicaci\u00f3n compasiva (NVC), con un enfoque en gobernaci\u00f3n, toma de decisiones, habilidades de comunicaci\u00f3n y resoluci\u00f3n de conflictos. Jerry es un residente fundador de Pioneer Valley Cohousing, una comunidad de 21 a\u00f1os utilizando con \u00e9xito Gobernaci\u00f3n Din\u00e1mica por los \u00faltimos tres a\u00f1os. En su juventud, Jerry era un miembro del personal de la Cooperativa Mariposa Food Coop, de la Friendly Sprout Cafeteria (cooperativa de trabajadores), Movimiento para una Nueva Sociedad (red nacional de colectivos), Diversity Works (colectivo de formaci\u00f3n) y otras empresas cooperativas. Fue por mucho tiempo miembro de la Junta Directiva del Instituto para la Econom\u00eda de la Comunidad, Unidos por una Econom\u00eda Justa y Acci\u00f3n Popular. Jerry es el CEO de la Sociocracy Consulting Group, Siendo una sociedad de responsabilidad limitada sociocr\u00e1tica gestionada en principios cooperativos.<\/p>\n<p><span style=\"color: #008000;\"><strong>Terri Krohn \u2013\u00a0<em>Mercadeo 101<\/em><\/strong><\/span><\/p>\n<p>Terri Krohn posee su propia empresa de consultor\u00eda, <span style=\"color: #ff9900;\"><a style=\"color: #ff9900;\" href=\"http:\/\/www.terrikrohnconsulting.com\/\">Terri Krohn Consulting, llc<\/a><\/span>, y aporta m\u00e1s de 30 a\u00f1os de negocio y experiencia en mercadeo a su pr\u00e1ctica de consultor\u00eda. Ella ha trabajado para peque\u00f1as empresas y corporaciones billones de d\u00f3lares. Ella co-fund\u00f3 una compa\u00f1\u00eda de distribuci\u00f3n de servicios de venta al por menor, con diez centros de servicio. Despu\u00e9s de haber sido una empleada y un empleador, ella entiende los desaf\u00edos que los negocios enfrentan, especialmente en tiempos dif\u00edciles.<\/p>\n<p>Terri Krohn es una profesional experimentada en mercadeo especializado en <span style=\"color: #ff9900;\"><a style=\"color: #ff9900;\" href=\"http:\/\/www.terrikrohnconsulting.com\/services\/strategic-business-plans\"><strong>Negocios Estrat\u00e9gicos, Planificaci\u00f3n de Negocios<\/strong> <\/a><\/span>and\u00a0<a href=\"http:\/\/www.terrikrohnconsulting.com\/services\/strategic-marketing-on-call\"><span style=\"color: #ff9900;\"><strong>Gesti\u00f3n de Mercadeo<\/strong><\/span>.<\/a>\u00a0 Ella ha asesorado organizaciones sin fines de lucro, empresas de salud, aseguradoras y empresas de tecnolog\u00eda en el desarrollo de planes estrat\u00e9gicos. Terri es <strong>facilitador Paterson Certificado en Planificaci\u00f3n Estrat\u00e9gica<\/strong> as\u00ed como un <strong>Proveedor Certificado QuadRed en Evaluaci\u00f3n Organizacional<\/strong>. Ella ayuda a sus clientes escuchando activamente, evaluando la situaci\u00f3n actual, haciendo preguntas dif\u00edciles, y desarrollando un\u00a0<span style=\"color: #ff9900;\"><a style=\"color: #ff9900;\" href=\"http:\/\/www.terrikrohnconsulting.com\/services\/accountability-partnering\"><strong>Sistema de Rendici\u00f3n de Cuentas<\/strong><\/a><\/span><strong>.<\/strong><\/p>\n<p><span style=\"color: #008000;\"><strong>Ellen Maccarone<\/strong><strong>\u00a0\u2013\u00a0<\/strong><strong><em>Estudio de Caso de la Junta Directiva y las relaciones de GM en la Cooperativa Mercado Principal<\/em><\/strong><\/span><\/p>\n<p>Ellen M. Maccarone, PhD, ha estado en la Junta Directiva de la\u00a0<a href=\"http:\/\/www.mainmarket.coop\/\">Cooperativa Mercado Principal<\/a>\u00a0durante 2 a\u00f1os y medio y ha sido Presidente por casi un a\u00f1o y medio. Ella est\u00e1 interesada en la \u00e9tica de los Alimentos, lo que la motiv\u00f3 a postularse como candidato para la Junta Directiva. Tambi\u00e9n es Profesor Asociado de Filosof\u00eda y Docente Consejero del Presidente de la Universidad de Gonzaga.<\/p>\n<p><span style=\"color: #008000;\"><strong>Teri McKenzie \u2013\u00a0<em>Nuevos y Alternativos Modelos de Financiamiento<\/em><\/strong><\/span><\/p>\n<p>Directora Ejecutiva de la <span style=\"color: #ff9900;\"><strong>Red de Alimentos del Interior del Noroeste<\/strong><\/span>.\u00a0Teri Mckenzie naci\u00f3 con un amor insaciable a los alimentos. Ella es apasionada tanto por los alimentos y por el desarrollo comunitario y ha reconocido desde el principio que cualquier reuni\u00f3n social que se valore incluye la comida. Ex voluntario del Cuerpo de Paz y empedernido humanitario, Teri tiene d\u00e9cadas de experiencia en el sector sin fines de lucro y en el de educaci\u00f3n superior. Con una Maestr\u00eda en Dise\u00f1o de Sistemas Totales\/liderazgo en Organizaciones no lucrativas e inspir\u00e1ndose en las ense\u00f1anzas del mundo natural, ella es una firme creyente en la sabidur\u00eda colectiva y la creatividad de las personas para abordar los problemas que actualmente enfrentamos.<\/p>\n<p><span style=\"color: #008000;\"><strong>John McNamara \u2013\u00a0<em>Moderador: Las Muchas Caras de la Gobernanza<\/em><\/strong><\/span><\/p>\n<p>John tiene 26 a\u00f1os de experiencia pr\u00e1ctica en el mundo cooperativo trabajador con el <span style=\"color: #ff9900;\"><a style=\"color: #ff9900;\" href=\"http:\/\/unioncab.coop\/\"><strong>Sindicato de Taxistas de Madison<\/strong><\/a><\/span> donde se desempe\u00f1\u00f3 como director durante ocho a\u00f1os y en la administraci\u00f3n por m\u00e1s de doce (incluyendo el de Gerente General). Tiene experiencia en modelos de gobernanza, planificaci\u00f3n estrat\u00e9gica y mercadeo y recursos humanos. John obtuvo una <span style=\"color: #ff9900;\"><a style=\"color: #ff9900;\" href=\"http:\/\/www.smu.ca\/academics\/sobey\/sobey-cooperative-management-education.html\"><strong>Maestr\u00eda en Administraci\u00f3n: En Cooperativas y Uniones de Cr\u00e9dito<\/strong><\/a><\/span> de la Universidad Santa Mar\u00eda (Halifax) en 2010 y actualmente es candidato a Doctor en Administraci\u00f3n de Empresas (Administracion) cuya tesis doctoral analiza el modelo creciente &#8220;Uni\u00f3n-de- Cooperativas&#8221; de propiedad colectiva de los trabajadores. John es miembro fundador de la <span style=\"color: #ff9900;\"><a style=\"color: #ff9900;\" href=\"http:\/\/dawn.coop\/\"><strong>Red de la Democracia en el Trabajo<\/strong><\/a><\/span> y sire en el Consejo de Gobernadores. Imparte un curso de verano en cooperativas de trabajadores, adem\u00e1s de ser parte del equipo de profesores para los cursos b\u00e1sicos del primer a\u00f1o en la Maestr\u00eda de Administraci\u00f3n P\u00fablica en el <strong>Evergreen State College<\/strong>. En el a\u00f1o 2015, John ayud\u00f3 a editar una colecci\u00f3n de ensayos sobre la medici\u00f3n de las cooperativas. Est\u00e1 disponible como un e-book sin costo de la <span style=\"color: #ff9900;\"><a style=\"color: #ff9900;\" href=\"http:\/\/www.cooperativedifference.coop\/tools\/\"><strong>Cooperative Difference<\/strong><\/a><\/span>.<\/p>\n<p><span style=\"color: #008000;\"><strong>Keith Nyitray \u2013\u00a0<em>Desarrollando Relaciones entre la cooperativa de Sitka y la tribu Sitka de Alaska<\/em><\/strong><\/span><\/p>\n<p>Keith Nyitray es uno de los fundadores de la Cooperativa de Alimentos Sitka fundada en el 2011 como un medio para enfrentar el alto costo de los alimentos en la comunidad aislada de la isla de Sitka, Alaska. Keith fue Presidente del Consejo Administrativo de la Cooperativa por 4 a\u00f1os y ahora es el Gerente General dirigiendo las operaciones &#8220;diarias&#8221;.<\/p>\n<p>En los \u00faltimos cinco a\u00f1os, Keith ha ayudado a transformar lo que antes era un peque\u00f1o club privado de &#8220;compras&#8221; en una cooperativa propiedad de los miembros que actualmente cuenta con180 miembros, con compras de m\u00e1s de $200.000 de productos para el hogar y productos agr\u00edcolas en el 2015 (con un ahorro promedio de 15-20% a sus miembros) y ha crecido constantemente a\u00f1o a a\u00f1o. Su pasi\u00f3n (y sus m\u00e9todos) para &#8220;Traer buena comida y la comunidad juntos&#8221; es lo que espera compartir a trav\u00e9s de su presentaci\u00f3n en la Conferencia.<\/p>\n<p><span style=\"color: #008000;\"><strong>Brenda\u00a0 Latvala Pfahnl \u2013\u00a0<em>Prepar\u00e1ndose para solicitar Financiamiento<\/em><\/strong><\/span><\/p>\n<p>Brenda ha trabajado en la cooperativa de Capital Compartido desde el 2009. Ella tiene 18 a\u00f1os de experiencia trabajando en finanzas cooperativas. En la Cooperativa Capital compartido ella tiene un enfoque particular en financiar cooperativas de abarrotes y alimentos y cooperativas relacionadas con la agricultura. Trabaja con empresas que est\u00e1n iniciando y cooperativas de alimentos existentes en todo el pa\u00eds. Ella es parte de la Junta Directiva de la Cooperativa de Alimentos Lakewinds, de la Junta de Asesores para el Fondo Howard Bowers y en el Grupo de Trabajo \u201cFondo de Acceso a Buenos Alimentos&#8221; de Minnesota.<\/p>\n<p><span style=\"color: #008000;\"><strong>Laura Ridenour \u2013\u00a0<em>Sesi\u00f3n sobre Colaboraci\u00f3n entre Cooperativas, Las Muchas Caras de la Gobernanza<\/em><\/strong><\/span><\/p>\n<p>Laura Ridenour tiene m\u00e1s de dos d\u00e9cadas de experiencia en el sector sin fines de lucro trabajando con y para peque\u00f1os agricultores sostenibles, productores org\u00e1nicos y empresarios de alimentos en California, Colorado, el estado de Washington y Washington DC. Pas\u00f3 parte de su infancia en una comunidad agr\u00edcola rural\u00a0 en Tennessee. En California, el negocio de su padre fue uno de los primeros procesadores de alimentos org\u00e1nicos certificados en el estado. Laura\u00a0tiene pr\u00e1ctica y\u00a0experiencia en la agricultura\u00a0y\u00a0un\u00a0certificado\u00a0del Centro de\u00a0Agroecolog\u00eda\u00a0y Sistemas Sostenibles de Alimentos de UCSC.\u00a0Tiene a\u00a0una Licenciatura en sistemas\u00a0de\u00a0alimentos\u00a0y cambio social y una maestr\u00eda en\u00a0Sociolog\u00eda, con especializaci\u00f3n en el\u00a0movimiento\u00a0local\u00a0de alimentos. Recientemente, mientras trabajaba como\u00a0Gerente de Alimentos y la Granja en Conexiones Sostenibles en Bellingham,\u00a0WA, ella cofund\u00f3\u00a0\u00a0<span style=\"color: #ff9900;\"><a style=\"color: #ff9900;\" href=\"https:\/\/sustainableconnections.org\/foodfarming\/eatlocal\"><strong>La Campa\u00f1a de Consuma Local Primero<\/strong><\/a><\/span> y la \u00a0<span style=\"color: #ff9900;\"><a style=\"color: #ff9900;\" href=\"http:\/\/whatcom.wsu.edu\/ag\/foodnetwork\/\"><strong>Red de Alimentos de Whatcom<\/strong><\/a><\/span>,\u00a0mientras administraba <strong>Un proyecto de Capacitaci\u00f3n para agricultores nuevos<\/strong>\u00a0\u00a0y eventos\u00a0de la\u00a0granja a\u00a0la\u00a0mesa y publicaciones. Laura\u00a0es miembro del Consejo Administrativo de\u00a0la\u00a0Cooperativa\u00a0de\u00a0Alimentos\u00a0de la Comunidad y es la Presidenta del\u00a0<span style=\"color: #ff9900;\"><a style=\"color: #ff9900;\" href=\"https:\/\/www.youtube.com\/watch?v=1tweIBDiujc&amp;feature=youtu.be\"><strong>Fondo de la Granja<\/strong><\/a><\/span><strong>.<\/strong>\u00a0Ella\u00a0se complace\u00a0en\u00a0aplicar sus habilidades y experiencia en\u00a0el\u00a0sector cooperativo,\u00a0creyendo\u00a0firmemente que\u00a0cooperativas propiedad de los trabajadores, negocios propiedad de\u00a0trabajadores,\u00a0y\u00a0la relaci\u00f3n de las econom\u00edas basadas,\u00a0son necesarias para abordar\u00a0los problemas sist\u00e9micos\u00a0complejos de\u00a0nuestro\u00a0tiempo.\u00a0Laura\u00a0consulta\u00a0con\u00a0organizaciones\u00a0no lucrativas,\u00a0negocios y\u00a0l\u00edderes en proyectos\u00a0en desarrollo\u00a0de\u00a0sistemas de alimentos. <span style=\"color: #0000ff;\"><a style=\"color: #0000ff;\" href=\"http:\/\/www.lauraridenour.org\">www.lauraridenour.org<\/a><\/span><\/p>\n<p><span style=\"color: #008000;\"><strong>Joan Rutkowski-\u00a0<em>Comercializando la diferencia de la Cooperativa: Contando su historia<\/em><\/strong><\/span><\/p>\n<p>Joan Rutkowski es la Propietaria Coordinadora de Participaci\u00f3n en la <strong>Cooperativa de Alimentos de Moscow<\/strong>.\u00a0 Sus esfuerzos para educar e inspirar a la gente sobre la propiedad cooperativa son gracias a su formaci\u00f3n previa y trabajo en periodismo y la docencia.<\/p>\n<p><span style=\"color: #008000;\"><strong>Nathan Teske \u2013\u00a0<em>Cooperativa Mercados P\u00fablicos<\/em><\/strong><\/span><\/p>\n<p>Nathan es el Director de desarrollo econ\u00f3mico comunitario de <span style=\"color: #ff9900;\"><a style=\"color: #ff9900;\" href=\"http:\/\/www.haciendacdc.org\/\"><strong>Hacienda: Corporaci\u00f3n de Desarrollo Comunitario<\/strong><\/a><\/span>. Nathan supervisa programas dise\u00f1ados para crear oportunidades de desarrollo econ\u00f3mico y desarrollo de activos para los residentes de las propiedades de Hacienda y otros miembros de la comunidad. Nathan trabaj\u00f3 para el Catholic Charities-El Programa Hispano 9 a\u00f1os antes de ingresar a Hacienda CDC. \u00c9l ha viajado extensamente en M\u00e9xico y ha recibido una Licenciatura de Reed College y un Doctorado de la Universidad de California-Berkeley.<\/p>\n<p><span style=\"color: #008000;\"><strong>Emma Thomson \u2013 Las Muchas Caras de la Gobernanza<\/strong><\/span><\/p>\n<p>Miembro (en v\u00eda a ser propietario) de\u00a0<span style=\"color: #ff9900;\"><a style=\"color: #ff9900;\" href=\"http:\/\/www.northwestconstruction.coop\/\"><strong>La Cooperativa de Construcci\u00f3n NW<\/strong><\/a><\/span>, una empresa de contratistas en general propiedad de los trabajadores en Olympia, WA que practica el consenso.<\/p>\n<p><span style=\"color: #008000;\"><strong>David Thompson \u2013\u00a0<em>Discurso Inaugural<\/em><\/strong><\/span><\/p>\n<p>David Thompson es un pionero en el movimiento cooperativo a nivel nacional e internacional \u00c9l tiene una impresionante lista de galardones e intereses, todos relacionados con las cooperativas, y entiende el importante papel que juegan las cooperativas en sus comunidades locales y regionales. Thompson es actualmente el Presidente de la <a href=\"http:\/\/community.coop\/twinpines\/\"><strong><span style=\"color: #ff9900;\">Fundaci\u00f3n de la Cooperativa Twin Pines<\/span><\/strong>,<\/a>\u00a0y es uno de los proveedores de fondos para cooperativas m\u00e1s grandes en el pa\u00eds. Bajo el liderazgo de Thompson, TPCF ha creado fondos comunitarios cooperativos para m\u00e1s de 30 cooperativas en USA.<\/p>\n<p>Thompson es autor de\u00a0<a href=\"http:\/\/community.coop\/twinpines\/weavers.html\"><span style=\"color: #ff9900;\">Weavers of Dreams: Founders of the Modern Cooperative Movement (1994)<\/span>,\u00a0<\/a>y coautor de\u00a0<span style=\"color: #ff9900;\"><a style=\"color: #ff9900;\" href=\"http:\/\/www.goodreads.com\/book\/show\/1821627.Cooperation_Works_\">Cooperation Works! (1996)<\/a><\/span> y \u00a0<span style=\"color: #ff9900;\"><a style=\"color: #ff9900;\" href=\"https:\/\/www.toplinecu.com\/files\/landingpages\/day-life-final_0.pdf\">A Day in the Life of Cooperative America (1994)<\/a><\/span>. Adem\u00e1s de estas obras, Thompson ha escrito m\u00e1s de 300 art\u00edculos, muchos de los cuales han sido traducidos y publicados alrededor del mundo. <span style=\"color: #ff9900;\"><a style=\"color: #ff9900;\" href=\"http:\/\/www.grocer.coop\/author\/david-thompson\"><strong>Aqu\u00ed est\u00e1 una lista de algunas de sus publicaciones<\/strong><\/a>.<\/span><\/p>\n<p>Como orador principal de la Conferencia de este a\u00f1o, Thompson situar\u00e1 las cooperativas dentro de un contexto hist\u00f3rico para tratar examinar el papel de las cooperativas en el mundo de hoy. Conocido por su visi\u00f3n de futuro y la innovaci\u00f3n, Thompson concluye su charla con una mirada hacia el futuro de las cooperativas. <span style=\"color: #ff9900;\"><a style=\"color: #ff9900;\" href=\"https:\/\/youtu.be\/EfUBXPSJjOk\"><strong>Aqu\u00ed le damos un vistazo a David Thompson<\/strong><\/a><\/span><strong>.<\/strong><\/p>\n<p><span style=\"color: #ff9900;\"><strong><a style=\"color: #ff9900;\" href=\"https:\/\/www.eventbrite.com\/e\/community-events-at-cultivating-cooperative-roots-conference-tickets-20065889616\">Acomp\u00e1\u00f1enos para esta Presentaci\u00f3n el\u00a0s\u00e1bado 6 de febrero<\/a><\/strong><\/span><\/p>\n<p><span style=\"color: #008000;\"><strong>Rachel Vernon \u2013\u00a0<em>Las Cooperativas como un Veh\u00edculo para la Justicia Social; Movimiento Cooperativo y el Proyecto visi\u00f3n<\/em><\/strong><\/span><\/p>\n<p>Hola mi nombre es Rachel Vernon, y trabajo para <span style=\"color: #ff9900;\"><a style=\"color: #ff9900;\" href=\"http:\/\/www.cofed.coop\/\"><strong>CoFED<\/strong><\/a><\/span>, Directiva de Empoderamiento de la Cooperativa de Alimentos. En <a href=\"http:\/\/www.cofed.coop\/\">\u00a0<span style=\"color: #ff9900;\"><strong>CoFED<\/strong><\/span>\u00a0<\/a> creemos que la formaci\u00f3n y educando a los estudiantes sobre c\u00f3mo operar empresas cooperativas de alimentos, aumenta la riqueza general de esa comunidad. A lo largo de mi vida laboral y educativa vino la pregunta, &#8220;\u00bfC\u00f3mo construimos comunidades resistentes que fortalezcan y sean potentes? Tambi\u00e9n comenc\u00e9 a preguntarme, qu\u00e9 papel desempe\u00f1an los alimentos en estas comunidades? Como parte de este viaje me profundice en una tesis de maestr\u00eda sobre comunidades Nativas y de los alimentos de las Comunidades, encontrando que los alimentos son un conector muy poderoso. Al mismo tiempo, encontr\u00e9 que para la gente nativa la relaci\u00f3n a los alimentos ha sido rota. Volver a conectar a los alimentos proporciona una oportunidad para la liberaci\u00f3n y la interdependencia de valores sobre la independencia. Un futuro en el que los alimentos promueve la liberaci\u00f3n, la interdependencia, la resistencia y la solidaridad es un mundo que yo quiero vivir y creo que el trabajo que CoFED hace desarrollando cooperativas de alimentos en los campus universitarios puede ayudar a construir ese mundo.<\/p>\n<p><span style=\"color: #008000;\"><strong>Jaime Villalaz \u2013\u00a0<em>Cooperativas Agr\u00edcolas: M\u00e1s all\u00e1 de la Granja Farm<\/em><\/strong><\/span><\/p>\n<p>Jaime es un Especialista en Desarrollo de Negocios de Minnesota en el\u00a0<span style=\"color: #ff9900;\"><a style=\"color: #ff9900;\" href=\"http:\/\/www.ledc-mn.org\/\"><strong>Centro de Desarrollo Econ\u00f3mico Latino<\/strong><\/a><\/span>\u00a0de Minnesota. \u00a0Jaime se mud\u00f3 de San Diego, CA a Minnesota en 1995. Creci\u00f3 en la ciudad fronteriza de Tijuana y asisti\u00f3 a la Universidad de Baja California donde obtuvo una Licenciatura en contabilidad. Jaime fue Coordinador del programa Servicios Unidos para Oportunidades de los Migrantes en las \u00e1reas de bienestar al trabajo, Equivalencia a un Certificado de Preparatoria y otros programas sociales del 2002 al 2009. Ha trabajado como preparador de impuestos por los \u00faltimos 5 a\u00f1os sirviendo a la poblaci\u00f3n de latina de St. Cloud, Willmar y sus alrededores. Jaime ha colaborado con LEDC proporcionando asistencia t\u00e9cnica y organizando clases en las comunidades rurales antes de unirse a personal LEDC.<\/p>\n<p><span style=\"color: #008000;\"><strong>Jeff Voltz \u2013\u00a0<em>Acceso al Capital para el Desarrollo de Negocios<\/em><\/strong><\/span><\/p>\n<p>Jeff Voltz es un Gerente de Proyecto en el\u00a0<span style=\"color: #ff9900;\"><a style=\"color: #ff9900;\" href=\"http:\/\/www.agbizcenter.org\/\"><strong>Centro de Negocios Agr\u00edcolas del Noroeste<\/strong><\/a><\/span>. Con\u00a0m\u00e1s\u00a0de\u00a020\u00a0a\u00f1os\u00a0de\u00a0experiencia\u00a0en\u00a0abarrotes\u00a0por menor, desarrollo\u00a0comunitario urbano y rural y pr\u00e9stamos, desarrollo\u00a0cooperativo\u00a0y agricultura\u00a0sostenible, \u00e9l es\u00a0capaz\u00a0de\u00a0proporcionar valiosa asistencia t\u00e9cnica\u00a0a\u00a0las granjas agr\u00edcolas\u00a0familiares\u00a0y\u00a0empresas de\u00a0alimentos.<\/p>\n<p>La experiencia\u00a0de\u00a0Jeff en el comercio minorista\u00a0y\u00a0empresas de alimentos\u00a0incluye\u00a0servir como\u00a0CEO\/Presidente\u00a0de Mercados Naturales\u00a0de\u00a0PCC,\u00a0la cooperativa de\u00a0alimentos\u00a0al por menor\u00a0m\u00e1s grande\u00a0de\u00a0la naci\u00f3n. Tambi\u00e9n se desempe\u00f1\u00f3\u00a0como\u00a0Gerente General de la Cooperativa\u00a0de Alimentos de la Comunidad en Bellingham, como Gerente General de la\u00a0Cooperativa de Consumidores de Berkeley (la Cooperativa Berkeley) y\u00a0en\u00a0la Junta Directiva de la Cooperativa de Productores Naturales de la Frontera, el procesador principal de\u00a0la naci\u00f3n de\u00a0especias\u00a0y\u00a0hierbas\u00a0org\u00e1nicas.<\/p>\n<p>Jeff\u00a0tambi\u00e9n\u00a0tiene\u00a0una\u00a0profunda experiencia\u00a0en\u00a0desarrollo\u00a0rural y\u00a0comunitario\u00a0sin fines de\u00a0lucro. Como Director\u00a0Ejecutivo\u00a0de <strong>Down Home\u00a0Washington<\/strong>, una Instituci\u00f3n Financiera de\u00a0Desarrollo Comunitario,\u00a0apoy\u00f3\u00a0personal\u00a0y\u00a0negocios propiedad de minor\u00edas y mujeres de bajos ingresos,\u00a0para\u00a0desarrollar\u00a0y presentar planes\u00a0de\u00a0negocio\u00a0y solicitudes de cr\u00e9dito, proporcionando m\u00e1s\u00a0de\u00a0$500.000\u00a0en\u00a0Micro pr\u00e9stamos de la\u00a0SBA\u00a0y\u00a0Micro cr\u00e9dito y pr\u00e9stamos IRP\u00a0del USDA a due\u00f1os\u00a0de\u00a0peque\u00f1os\u00a0negocios Como Gerente General de un proyecto para NABC, Jeff\u00a0ha\u00a0ayudado a\u00a0granjas\u00a0familiares\u00a0el acceso a\u00a0$1. 65M\u00a0en capital para el desarrollo del negocio\u00a0y\u00a0expansi\u00f3n.<\/p>\n<p><span style=\"color: #008000;\"><strong>Erica Wagner \u2013\u00a0<em>Promocionando la Diferencia de la Cooperativa: Contando su Historia<\/em><\/strong><\/span><\/p>\n<p>Erica Wagner es la Coordinadora de medios de Comunicaci\u00f3n Visual en la\u00a0<span style=\"color: #ff9900;\"><a style=\"color: #ff9900;\" href=\"http:\/\/www.moscowfood.coop\/\">Moscow Food Co-op<\/a><\/span>. Erica tiene varios a\u00f1os de experiencia en divulgaci\u00f3n, educaci\u00f3n y comercializaci\u00f3n. Erica combina su fotograf\u00eda y la escritura como el autor del blog de la cooperativa,\u00a0<span style=\"color: #ff9900;\"><a style=\"color: #ff9900;\" href=\"http:\/\/www.moscowfood.coop\/beetbox\/\">La Caja de la Remolacha<\/a><\/span>.<\/p>\n<p><span style=\"color: #008000;\"><strong>Megan White \u2013\u00a0<em>Caso de Estudio de la Junta Directiva y\u00a0 la Relaci\u00f3n del GM en la Cooperativa Mercado Principal.<\/em><\/strong><\/span><\/p>\n<p>Megan White ha trabajado en la venta de alimentos saludables al por menor y en sistemas de alimentos locales durante 14 a\u00f1os. Ella se interes\u00f3 apasionadamente con las empresas cooperativas m\u00e1s o menos a los 20 a\u00f1os a trav\u00e9s de la membres\u00eda en una cooperativa de alimentos de venta al por menor. Durante los \u00faltimos 6 a\u00f1os en la <span style=\"color: #ff9900;\"><strong>Cooperativa Mercado Principal<\/strong><\/span> en Spokane fungi\u00f3 como Gerente de Productos Agr\u00edcolas, Asistente al Gerente de tienda, miembro de la Junta Directiva y GM interino dos veces antes de asumir el papel a tiempo completo en el 2013. Con el personal y miembros de la Junta Directiva\u00a0 ha ayudado a desarrollar casi todos los sistemas actualmente en uso en la cooperativa y ha ayudado a la empresa a cambiar de falta de rentabilidad y crecimiento a buscar nuevas oportunidades de expansi\u00f3n de la tienda.<\/p>\n<p><span style=\"color: #008000;\"><strong>Joel Williamson \u2013\u00a0<em>Nuevos y Alternativos Modelos de Financiamiento<\/em><\/strong><\/span><\/p>\n<p>Joel creci\u00f3 en casa verde al sur de Spokane donde su familia cultivaba rosas, caminando sobre zancos bajo dos acres de vidrio. Joel estudi\u00f3 dise\u00f1o de iluminaci\u00f3n teatral en la Universidad Eastern Washington y fue a giras con compa\u00f1\u00edas de teatro en los \u00c1ngeles antes de regresar a Spokane para trabajar en organizaciones no lucrativas y gobierno de la ciudad. Obtuvo su MBA en sistemas sostenibles del Instituto Graduado de Bainbridge en la Universidad Pinchot con \u00e9nfasis en Finanzas e Iniciativa Empresarial. Cuando alegremente no maneja el cami\u00f3n de <span style=\"color: #ff9900;\"><a style=\"color: #ff9900;\" href=\"http:\/\/www.lincfoods.com\/\"><strong>LINC Foods<\/strong><\/a><\/span>, Joel disfruta de tiempo de calidad con su esposa Lauren y su perro Stanley. A Joel tambi\u00e9n le encanta juguetear con su instalaci\u00f3n casera para fermentar bebidas y expandir las opciones fabulosas de la genialidad de frutas y granos a trav\u00e9s de la magia de la fermentaci\u00f3n.<\/p>\n<h3 id=\"reply-title\" class=\"comment-reply-title\">Comentario<\/h3>\n<form id=\"commentform\" class=\"comment-form\" action=\"http:\/\/roots.nwcdc.coop\/wp-comments-post.php\" method=\"post\" novalidate=\"\">\n<p class=\"comment-form-comment\"><textarea id=\"comment\" cols=\"45\" name=\"comment\" required=\"required\" rows=\"8\"><\/textarea><\/p>\n<p class=\"form-submit\"><input id=\"submit\" class=\"submit\" name=\"submit\" type=\"submit\" value=\"Post Comment\" \/><\/p>\n<\/form>\n","protected":false},"excerpt":{"rendered":"<p>Este a\u00f1o somos afortunados de tener una gran variedad de ponentes y responsables de talleres de una multitud de sectores cooperativos. Nuestro objetivo es que salga de esta Conferencia con las herramientas y conocimientos necesarios para iniciar, fortalecer o ampliar su cooperativa. Tambi\u00e9n queremos que salga de la conferencia m\u00e1s inspirados y comprometidos con la &hellip; <a href=\"http:\/\/roots.nwcdc.coop\/es\/nuestros-increibles-oradores\/\" class=\"more-link\">Continue reading <span class=\"screen-reader-text\">Nuestros Incre\u00edbles Oradores<\/span> <span class=\"meta-nav\">&rarr;<\/span><\/a><\/p>\n","protected":false},"author":3,"featured_media":0,"parent":0,"menu_order":0,"comment_status":"closed","ping_status":"closed","template":"","meta":[],"_links":{"self":[{"href":"http:\/\/roots.nwcdc.coop\/es\/wp-json\/wp\/v2\/pages\/1314"}],"collection":[{"href":"http:\/\/roots.nwcdc.coop\/es\/wp-json\/wp\/v2\/pages"}],"about":[{"href":"http:\/\/roots.nwcdc.coop\/es\/wp-json\/wp\/v2\/types\/page"}],"author":[{"embeddable":true,"href":"http:\/\/roots.nwcdc.coop\/es\/wp-json\/wp\/v2\/users\/3"}],"replies":[{"embeddable":true,"href":"http:\/\/roots.nwcdc.coop\/es\/wp-json\/wp\/v2\/comments?post=1314"}],"version-history":[{"count":3,"href":"http:\/\/roots.nwcdc.coop\/es\/wp-json\/wp\/v2\/pages\/1314\/revisions"}],"predecessor-version":[{"id":1318,"href":"http:\/\/roots.nwcdc.coop\/es\/wp-json\/wp\/v2\/pages\/1314\/revisions\/1318"}],"wp:attachment":[{"href":"http:\/\/roots.nwcdc.coop\/es\/wp-json\/wp\/v2\/media?parent=1314"}],"curies":[{"name":"wp","href":"https:\/\/api.w.org\/{rel}","templated":true}]}}